{"id":223,"date":"2019-10-01T15:05:27","date_gmt":"2019-10-01T13:05:27","guid":{"rendered":"https:\/\/www.lafermedestroisgeais.fr\/?page_id=223"},"modified":"2023-01-04T19:34:20","modified_gmt":"2023-01-04T18:34:20","slug":"pension-canine","status":"publish","type":"page","link":"https:\/\/www.lafermedestroisgeais.fr\/index.php\/pension-canine\/","title":{"rendered":"Pension canine"},"content":{"rendered":"<p>[et_pb_section fb_built=\u00a0\u00bb1&Prime; _builder_version=\u00a0\u00bb4.16&Prime; global_colors_info=\u00a0\u00bb{}\u00a0\u00bb][et_pb_row _builder_version=\u00a0\u00bb4.16&Prime; global_colors_info=\u00a0\u00bb{}\u00a0\u00bb][et_pb_column type=\u00a0\u00bb4_4&Prime; _builder_version=\u00a0\u00bb4.16&Prime; custom_padding=\u00a0\u00bb|||\u00a0\u00bb global_colors_info=\u00a0\u00bb{}\u00a0\u00bb custom_padding__hover=\u00a0\u00bb|||\u00a0\u00bb][et_pb_text _builder_version=\u00a0\u00bb4.19.4&Prime; _module_preset=\u00a0\u00bbdefault\u00a0\u00bb global_colors_info=\u00a0\u00bb{}\u00a0\u00bb]<\/p>\n<h1 style=\"text-align: center;\"><strong>Pension canine<\/strong><\/h1>\n<p>[\/et_pb_text][et_pb_image src=\u00a0\u00bbhttps:\/\/www.lafermedestroisgeais.fr\/wp-content\/uploads\/Bois.jpg\u00a0\u00bb title_text=\u00a0\u00bbBois\u00a0\u00bb _builder_version=\u00a0\u00bb4.16&Prime; _module_preset=\u00a0\u00bbdefault\u00a0\u00bb global_colors_info=\u00a0\u00bb{}\u00a0\u00bb][\/et_pb_image][et_pb_text admin_label=\u00a0\u00bbTexte\u00a0\u00bb _builder_version=\u00a0\u00bb4.19.4&Prime; _module_preset=\u00a0\u00bbdefault\u00a0\u00bb global_colors_info=\u00a0\u00bb{}\u00a0\u00bb]<\/p>\n<h2 style=\"text-align: center;\"><strong>Un impr\u00e9vu, un week-end ou les vacances !<\/strong><\/h2>\n<h3 style=\"text-align: center;\"><strong>La Ferme des Trois Geais accueille vos compagnons pendant les vacances scolaires.<\/strong><\/h3>\n<h5 style=\"text-align: center;\">Pour d&rsquo;autres dates, n&rsquo;h\u00e9sitez pas \u00e0 nous contacter , nous vous r\u00e9pondrons rapidement de la faisabilit\u00e9.<\/h5>\n<p>&nbsp;<\/p>\n<p style=\"text-align: center;\">Vos compagnons sont log\u00e9s en box individuel, leur surface est comprise entre 11 et 15 M\u00b2.<\/p>\n<p style=\"text-align: center;\">Un bois est \u00e0 disposition pour les balades journali\u00e8res.<\/p>\n<p>[\/et_pb_text][\/et_pb_column][\/et_pb_row][et_pb_row column_structure=\u00a0\u00bb3_5,2_5&Prime; admin_label=\u00a0\u00bbLigne\u00a0\u00bb _builder_version=\u00a0\u00bb4.16&Prime; _module_preset=\u00a0\u00bbdefault\u00a0\u00bb collapsed=\u00a0\u00bboff\u00a0\u00bb global_colors_info=\u00a0\u00bb{}\u00a0\u00bb][et_pb_column type=\u00a0\u00bb3_5&Prime; _builder_version=\u00a0\u00bb4.16&Prime; _module_preset=\u00a0\u00bbdefault\u00a0\u00bb global_colors_info=\u00a0\u00bb{}\u00a0\u00bb][et_pb_text _builder_version=\u00a0\u00bb4.19.4&Prime; _module_preset=\u00a0\u00bbdefault\u00a0\u00bb custom_padding=\u00a0\u00bb0px|||||\u00a0\u00bb hover_enabled=\u00a0\u00bb0&Prime; global_colors_info=\u00a0\u00bb{}\u00a0\u00bb sticky_enabled=\u00a0\u00bb0&Prime;]<\/p>\n<h1 style=\"text-align: center;\"><b>R\u00e8glement<\/b><strong>:<\/strong><\/h1>\n<h3><strong><u>1\u00b0 Conditions d\u2019admission<\/u><u>\u00a0:<\/u><\/strong><\/h3>\n<p>Ne sont admis que les chiens de plus de 6 mois, identifi\u00e9s par tatouage ou puce \u00e9lectronique. Les vaccins seront \u00e0 jour au moins <strong>depuis 15 jours.<\/strong> Les pensionnaires seront vaccin\u00e9s contre la maladie de Carr\u00e9, la Parvovirose, l&rsquo; H\u00e9patite de Rubarth, la Leptospirose et la toux de chenil .Une injection par voie nasale est \u00e9galement demand\u00e9e par Pneumodog ou Novibac Kc. \u00a0 La vaccination contre la rage est vivement conseill\u00e9e mais pas obligatoire. En cas de contr\u00f4le, le carnet de vaccination ainsi que les papiers d\u2019identification reste en ma possession durant le s\u00e9jour. La pension se r\u00e9serve le droit de refuser un animal qui se r\u00e9v\u00e9lera contagieux, malade ou agressif. Les femelles en chaleur ne sont pas admises. Si toutefois les chaleurs arrivent pendant le s\u00e9jour , le propri\u00e9taire doit en avertir la pension, les dispositions seront prises pour isoler la lice mais en aucun cas la pension est responsable d&rsquo;une saillie accidentelle.<\/p>\n<h3><strong><u>2\u00b0 Parasites\u00a0:<\/u><\/strong><\/h3>\n<p>Il appartient au propri\u00e9taire du chien, de le prot\u00e9ger contre les puces et tiques avant son admission. Une vermifugation est \u00e9galement pr\u00e9conis\u00e9e. Dans le cas o\u00f9 une infestation serait d\u00e9cel\u00e9e durant le s\u00e9jour. Je me r\u00e9serve le droit de traiter le chien. Les fournitures et la prestation seront factur\u00e9es en suppl\u00e9ment. La pension d\u00e9cline toute responsabilit\u00e9 en cas de pr\u00e9sence de parasites apr\u00e8s le s\u00e9jour en pension.<br \/>.<\/p>\n<h3><strong><u>3\u00b0 Sant\u00e9\u00a0:<\/u><\/strong><\/h3>\n<p>Pour tous traitements v\u00e9t\u00e9rinaires, une photocopie de l&rsquo;ordonnance vous sera demand\u00e9e. Une quantit\u00e9 suffisante sera fourni pour la dur\u00e9e du s\u00e9jour .<\/p>\n<h3><strong><u>4\u00b0 Alimentation\u00a0:<\/u><\/strong><\/h3>\n<p>Tout pensionnaire recevra quotidiennement un repas avec des croquettes de qualit\u00e9 de ration correspondante \u00e0 son \u00e2ge et son poids. En cas de souhait diff\u00e9rent, le propri\u00e9taire devra fournir l&rsquo;aliment en quantit\u00e9 suffisante pour la dur\u00e9e du s\u00e9jour. Le tarif journalier restera inchang\u00e9. A d\u00e9faut du changement de r\u00e9gime alimentaire progressif, la pension vous conseille de fournir la nourriture afin d&rsquo;\u00e9viter les probl\u00e8mes intestinaux.<\/p>\n<h3><strong><u>5\u00b0 Objet personnel\u00a0:<\/u><\/strong><\/h3>\n<p>Afin que le s\u00e9jour se passe au mieux , il est accept\u00e9 et recommand\u00e9 les effets personnels (jouets, panier, gamelles, tapis, etc. . .).\u00a0 Par contre ,la responsabilit\u00e9 de la pension ne peut en aucun cas \u00eatre engag\u00e9e suite \u00e0 la destruction, perte ou d\u00e9gradation de ces objets.<\/p>\n<h3><strong><u>6\u00b0 Maladie et accident\u00a0: <\/u><\/strong><\/h3>\n<p>Si l&rsquo;\u00e9tat de votre chien n\u00e9cessitait une intervention m\u00e9dicale ou chirurgicale urgente. Le propri\u00e9taire du chien donne son accord pour que la pension canine prenne toutes dispositions concernant la sant\u00e9 de son animal. Etant entendu que les frais dans leur totalit\u00e9 seront \u00e0 la charge du propri\u00e9taire de l&rsquo;animal. En cas de d\u00e9c\u00e8s d&rsquo;un pensionnaire durant son s\u00e9jour, la pension canine s&rsquo;engage \u00e0 avertir imm\u00e9diatement le propri\u00e9taire.\u00a0 Un v\u00e9t\u00e9rinaire \u00e9tablira une attestation mentionnant clairement la cause du d\u00e9c\u00e8s. La pension ne pourra \u00eatre tenue responsable de la sant\u00e9, du d\u00e9c\u00e8s de l&rsquo; animal. Son r\u00f4le se limite de le faire examiner par un v\u00e9t\u00e9rinaire et de pr\u00e9venir les ma\u00eetres.<br \/>Toutes les pr\u00e9cautions sont prises afin d&rsquo;\u00e9viter les fugues ou les blessures. La pension d\u00e9cline toute responsabilit\u00e9 en cas de fugue et de blessure. Sachez qu&rsquo;un chien qui veut fuguer en trouvera toujours le moyen quelque soit sa race, sa taille, son poids ou son \u00e2ge et surtout quelque soit la hauteur des cl\u00f4tures. S&rsquo;il s&rsquo;av\u00e8re que la responsabilit\u00e9 de la pension canine est mise en cause, le propri\u00e9taire devra fournir les \u00e9l\u00e9ments n\u00e9cessaires au remboursement.<\/p>\n<h3><strong><u>7\u00b0Abandon\u00a0: <\/u><\/strong><\/h3>\n<p>L&rsquo;animal sera consid\u00e9r\u00e9 abandonn\u00e9 par son ma\u00eetre, s&rsquo;il n&rsquo;a pas \u00e9t\u00e9 r\u00e9cup\u00e9r\u00e9 de la pension 15 jours apr\u00e8s la date pr\u00e9vue sur le contrat. Il sera remis \u00e0 une association de protection animale. Laquelle pourra librement en disposer, et les cr\u00e9ances seront remises entre les mains d\u2019un huissier de justice pour encaissement par voie judiciaire.<\/p>\n<h3><strong><u>8\u00b0 Chiens cat\u00e9goris\u00e9s\u00a0:<\/u><\/strong><\/h3>\n<p>Les chiens de 1\u00e8re et 2\u00e8me cat\u00e9gorie sont accept\u00e9s.<strong> Le tarif journalier sera de 18 euros<\/strong> au lieu de 16 euros. Le propri\u00e9taire devra pr\u00e9senter tous les documents obligatoires relatifs \u00e0 ces 2 cat\u00e9gories.<\/p>\n<h3>\u200b<strong><span style=\"text-decoration: underline;\">9\u00b0 Tarification :<\/span>\u00a0<\/strong><\/h3>\n<p><strong>Le tarif par jour est de 16 euros<\/strong> et comprend l h\u00e9bergement, un \u00e0 deux repas quotidiens et deux sorties minimum par jour dans le parc.<\/p>\n<p>Un jour commenc\u00e9 est un jour d\u00fb.<\/p>\n<p><strong>Les forfaits :<\/strong><\/p>\n<p><strong>1 semaine<\/strong> : <strong>128 euros<\/strong><\/p>\n<p>comprend le jour d&rsquo;arriv\u00e9e , 6 jours de pension et le jour de d\u00e9part.<\/p>\n<p><b>2 semaines : 235 euros<\/b><\/p>\n<p>comprend le jour d&rsquo;arriv\u00e9e , 13 jours de pension et le jour de d\u00e9part.<\/p>\n<p><b>3 semaines : 340 euros<\/b><\/p>\n<p>comprend le jour d&rsquo;arriv\u00e9e , 20 jours de pension et le jour de d\u00e9part.<\/p>\n<p><strong>4 semaines : 445 euros<\/strong><\/p>\n<p>comprend le jour d&rsquo;arriv\u00e9e , 27 jours de pension et le jour de d\u00e9part.<\/p>\n<p>Pour les ma\u00eetres poss\u00e9dant deux chiens partageant le m\u00eame box, une remise de 10% sera appliqu\u00e9e sur le montant total de la facture pension. Pour les s\u00e9jours inf\u00e9rieurs \u00e0 7 jours, le paiement se fait au d\u00e9but du s\u00e9jour. Pour les s\u00e9jours sup\u00e9rieurs \u00e0 7 jours, un acompte de 30% est demand\u00e9 \u00e0 la r\u00e9servation et le solde au d\u00e9but du s\u00e9jour.<\/p>\n<h3><span style=\"text-decoration: underline;\"><strong>10\u00b0 Horaire :<\/strong><\/span><\/h3>\n<p><strong>La pension est ouverte pendant les vacances scolaires du Lundi au Samedi de 9h \u00e0 12h et de 14h \u00e0 18h. <\/strong>Il est possible de demander une arriv\u00e9e ou un d\u00e9part en dehors des cr\u00e9neaux horaires , la pension conviendra alors de l&rsquo; heure.<\/p>\n<p>La pension est ferm\u00e9e hors vacances scolaires, les Dimanches, Jours f\u00e9ri\u00e9s, No\u00ebl et Jour de l&rsquo;an.<\/p>\n<p>Pour une demande exceptionnelle de s\u00e9jour pendant les jours de fermeture, la pension la traitera au cas par cas<\/p>\n<p>[\/et_pb_text][\/et_pb_column][et_pb_column type=\u00a0\u00bb2_5&Prime; _builder_version=\u00a0\u00bb4.16&Prime; _module_preset=\u00a0\u00bbdefault\u00a0\u00bb global_colors_info=\u00a0\u00bb{}\u00a0\u00bb][et_pb_text _builder_version=\u00a0\u00bb4.19.4&Prime; _module_preset=\u00a0\u00bbdefault\u00a0\u00bb hover_enabled=\u00a0\u00bb0&Prime; global_colors_info=\u00a0\u00bb{}\u00a0\u00bb sticky_enabled=\u00a0\u00bb0&Prime;]<\/p>\n<p>Pour tous renseignements, vous pouvez me contacter au<\/p>\n<h2 style=\"text-align: center;\"><strong> 06 08 15 99 14.<\/strong><\/h2>\n<p>Vous pouvez \u00e9galement nous suivre sur notre page Facebook:<\/p>\n<p>[\/et_pb_text][et_pb_button button_url=\u00a0\u00bbhttps:\/\/www.facebook.com\/pensionlafermedestroisgeais\u00a0\u00bb button_text=\u00a0\u00bbFacebook\u00a0\u00bb button_alignment=\u00a0\u00bbcenter\u00a0\u00bb admin_label=\u00a0\u00bbBouton\u00a0\u00bb _builder_version=\u00a0\u00bb4.18.0&Prime; _module_preset=\u00a0\u00bbdefault\u00a0\u00bb custom_button=\u00a0\u00bbon\u00a0\u00bb box_shadow_style=\u00a0\u00bbpreset4&Prime; box_shadow_color=\u00a0\u00bb#0800AD\u00a0\u00bb global_colors_info=\u00a0\u00bb{}\u00a0\u00bb][\/et_pb_button][et_pb_text _builder_version=\u00a0\u00bb4.19.4&Prime; _module_preset=\u00a0\u00bbdefault\u00a0\u00bb global_colors_info=\u00a0\u00bb{}\u00a0\u00bb][\/et_pb_text][et_pb_text _builder_version=\u00a0\u00bb4.19.4&Prime; _module_preset=\u00a0\u00bbdefault\u00a0\u00bb global_colors_info=\u00a0\u00bb{}\u00a0\u00bb]<\/p>\n<p>Etant seul \u00e0 g\u00e9rer l&rsquo;\u00e9levage , n&rsquo;h\u00e9sitez pas \u00e0 me laisser un message ou utiliser la fiche de contact en utilisant le lien suivant :<\/p>\n<p>[\/et_pb_text][et_pb_button button_url=\u00a0\u00bbhttps:\/\/www.lafermedestroisgeais.fr\/index.php\/contact\/\u00a0\u00bb button_text=\u00a0\u00bbContact\u00a0\u00bb button_alignment=\u00a0\u00bbcenter\u00a0\u00bb admin_label=\u00a0\u00bbBouton\u00a0\u00bb _builder_version=\u00a0\u00bb4.16&Prime; _module_preset=\u00a0\u00bbdefault\u00a0\u00bb custom_button=\u00a0\u00bbon\u00a0\u00bb box_shadow_style=\u00a0\u00bbpreset4&Prime; box_shadow_color=\u00a0\u00bb#0800AD\u00a0\u00bb global_colors_info=\u00a0\u00bb{}\u00a0\u00bb][\/et_pb_button][\/et_pb_column][\/et_pb_row][\/et_pb_section]<\/p>\n","protected":false},"excerpt":{"rendered":"<p>Pension canineUn impr\u00e9vu, un week-end ou les vacances ! La Ferme des Trois Geais accueille vos compagnons pendant les vacances scolaires. Pour d&rsquo;autres dates, n&rsquo;h\u00e9sitez pas \u00e0 nous contacter , nous vous r\u00e9pondrons rapidement de la faisabilit\u00e9. &nbsp; Vos compagnons sont log\u00e9s en box individuel, leur surface est comprise entre 11 et 15 M\u00b2. Un [&hellip;]<\/p>\n","protected":false},"author":1,"featured_media":0,"parent":0,"menu_order":0,"comment_status":"closed","ping_status":"closed","template":"","meta":{"_et_pb_use_builder":"on","_et_pb_old_content":"","_et_gb_content_width":"","_monsterinsights_skip_tracking":false,"_monsterinsights_sitenote_active":false,"_monsterinsights_sitenote_note":"","_monsterinsights_sitenote_category":0,"footnotes":""},"yoast_head":"<!-- This site is optimized with the Yoast SEO plugin v20.13 - https:\/\/yoast.com\/wordpress\/plugins\/seo\/ -->\n<title>Pension canine - lafermedestroisgeais<\/title>\n<meta name=\"description\" content=\"Elevage de braque d&#039;Auvergne, pension canine et \u00e9ducation canine \u00e0 Servins Pas de Calais, dans le triangle Arras-B\u00e9thune-Lens\" \/>\n<meta name=\"robots\" content=\"index, follow, max-snippet:-1, max-image-preview:large, max-video-preview:-1\" \/>\n<link rel=\"canonical\" href=\"https:\/\/www.lafermedestroisgeais.fr\/index.php\/pension-canine\/\" \/>\n<meta property=\"og:locale\" content=\"fr_FR\" \/>\n<meta property=\"og:type\" content=\"article\" \/>\n<meta property=\"og:title\" content=\"Pension canine - lafermedestroisgeais\" \/>\n<meta property=\"og:description\" content=\"Elevage de braque d&#039;Auvergne, pension canine et \u00e9ducation canine \u00e0 Servins Pas de Calais, dans le triangle Arras-B\u00e9thune-Lens\" \/>\n<meta property=\"og:url\" content=\"https:\/\/www.lafermedestroisgeais.fr\/index.php\/pension-canine\/\" \/>\n<meta property=\"og:site_name\" content=\"lafermedestroisgeais\" \/>\n<meta property=\"article:publisher\" content=\"https:\/\/www.facebook.com\/LaFermeDesTroisGeais\/\" \/>\n<meta property=\"article:modified_time\" content=\"2023-01-04T18:34:20+00:00\" \/>\n<meta name=\"twitter:card\" content=\"summary_large_image\" \/>\n<meta name=\"twitter:label1\" content=\"Dur\u00e9e de lecture estim\u00e9e\" \/>\n\t<meta name=\"twitter:data1\" content=\"6 minutes\" \/>\n<script type=\"application\/ld+json\" class=\"yoast-schema-graph\">{\"@context\":\"https:\/\/schema.org\",\"@graph\":[{\"@type\":\"WebPage\",\"@id\":\"https:\/\/www.lafermedestroisgeais.fr\/index.php\/pension-canine\/\",\"url\":\"https:\/\/www.lafermedestroisgeais.fr\/index.php\/pension-canine\/\",\"name\":\"Pension canine - lafermedestroisgeais\",\"isPartOf\":{\"@id\":\"https:\/\/www.lafermedestroisgeais.fr\/#website\"},\"datePublished\":\"2019-10-01T13:05:27+00:00\",\"dateModified\":\"2023-01-04T18:34:20+00:00\",\"description\":\"Elevage de braque d'Auvergne, pension canine et \u00e9ducation canine \u00e0 Servins Pas de Calais, dans le triangle Arras-B\u00e9thune-Lens\",\"breadcrumb\":{\"@id\":\"https:\/\/www.lafermedestroisgeais.fr\/index.php\/pension-canine\/#breadcrumb\"},\"inLanguage\":\"fr-FR\",\"potentialAction\":[{\"@type\":\"ReadAction\",\"target\":[\"https:\/\/www.lafermedestroisgeais.fr\/index.php\/pension-canine\/\"]}]},{\"@type\":\"BreadcrumbList\",\"@id\":\"https:\/\/www.lafermedestroisgeais.fr\/index.php\/pension-canine\/#breadcrumb\",\"itemListElement\":[{\"@type\":\"ListItem\",\"position\":1,\"name\":\"Home\",\"item\":\"https:\/\/www.lafermedestroisgeais.fr\/\"},{\"@type\":\"ListItem\",\"position\":2,\"name\":\"Pension canine\"}]},{\"@type\":\"WebSite\",\"@id\":\"https:\/\/www.lafermedestroisgeais.fr\/#website\",\"url\":\"https:\/\/www.lafermedestroisgeais.fr\/\",\"name\":\"lafermedestroisgeais\",\"description\":\"\",\"publisher\":{\"@id\":\"https:\/\/www.lafermedestroisgeais.fr\/#organization\"},\"potentialAction\":[{\"@type\":\"SearchAction\",\"target\":{\"@type\":\"EntryPoint\",\"urlTemplate\":\"https:\/\/www.lafermedestroisgeais.fr\/?s={search_term_string}\"},\"query-input\":\"required name=search_term_string\"}],\"inLanguage\":\"fr-FR\"},{\"@type\":\"Organization\",\"@id\":\"https:\/\/www.lafermedestroisgeais.fr\/#organization\",\"name\":\"La Ferme des Trois Geais\",\"url\":\"https:\/\/www.lafermedestroisgeais.fr\/\",\"logo\":{\"@type\":\"ImageObject\",\"inLanguage\":\"fr-FR\",\"@id\":\"https:\/\/www.lafermedestroisgeais.fr\/#\/schema\/logo\/image\/\",\"url\":\"https:\/\/www.lafermedestroisgeais.fr\/wp-content\/uploads\/logo-01.jpg\",\"contentUrl\":\"https:\/\/www.lafermedestroisgeais.fr\/wp-content\/uploads\/logo-01.jpg\",\"width\":1064,\"height\":618,\"caption\":\"La Ferme des Trois Geais\"},\"image\":{\"@id\":\"https:\/\/www.lafermedestroisgeais.fr\/#\/schema\/logo\/image\/\"},\"sameAs\":[\"https:\/\/www.facebook.com\/LaFermeDesTroisGeais\/\"]}]}<\/script>\n<!-- \/ Yoast SEO plugin. -->","yoast_head_json":{"title":"Pension canine - lafermedestroisgeais","description":"Elevage de braque d'Auvergne, pension canine et \u00e9ducation canine \u00e0 Servins Pas de Calais, dans le triangle Arras-B\u00e9thune-Lens","robots":{"index":"index","follow":"follow","max-snippet":"max-snippet:-1","max-image-preview":"max-image-preview:large","max-video-preview":"max-video-preview:-1"},"canonical":"https:\/\/www.lafermedestroisgeais.fr\/index.php\/pension-canine\/","og_locale":"fr_FR","og_type":"article","og_title":"Pension canine - lafermedestroisgeais","og_description":"Elevage de braque d'Auvergne, pension canine et \u00e9ducation canine \u00e0 Servins Pas de Calais, dans le triangle Arras-B\u00e9thune-Lens","og_url":"https:\/\/www.lafermedestroisgeais.fr\/index.php\/pension-canine\/","og_site_name":"lafermedestroisgeais","article_publisher":"https:\/\/www.facebook.com\/LaFermeDesTroisGeais\/","article_modified_time":"2023-01-04T18:34:20+00:00","twitter_card":"summary_large_image","twitter_misc":{"Dur\u00e9e de lecture estim\u00e9e":"6 minutes"},"schema":{"@context":"https:\/\/schema.org","@graph":[{"@type":"WebPage","@id":"https:\/\/www.lafermedestroisgeais.fr\/index.php\/pension-canine\/","url":"https:\/\/www.lafermedestroisgeais.fr\/index.php\/pension-canine\/","name":"Pension canine - lafermedestroisgeais","isPartOf":{"@id":"https:\/\/www.lafermedestroisgeais.fr\/#website"},"datePublished":"2019-10-01T13:05:27+00:00","dateModified":"2023-01-04T18:34:20+00:00","description":"Elevage de braque d'Auvergne, pension canine et \u00e9ducation canine \u00e0 Servins Pas de Calais, dans le triangle Arras-B\u00e9thune-Lens","breadcrumb":{"@id":"https:\/\/www.lafermedestroisgeais.fr\/index.php\/pension-canine\/#breadcrumb"},"inLanguage":"fr-FR","potentialAction":[{"@type":"ReadAction","target":["https:\/\/www.lafermedestroisgeais.fr\/index.php\/pension-canine\/"]}]},{"@type":"BreadcrumbList","@id":"https:\/\/www.lafermedestroisgeais.fr\/index.php\/pension-canine\/#breadcrumb","itemListElement":[{"@type":"ListItem","position":1,"name":"Home","item":"https:\/\/www.lafermedestroisgeais.fr\/"},{"@type":"ListItem","position":2,"name":"Pension canine"}]},{"@type":"WebSite","@id":"https:\/\/www.lafermedestroisgeais.fr\/#website","url":"https:\/\/www.lafermedestroisgeais.fr\/","name":"lafermedestroisgeais","description":"","publisher":{"@id":"https:\/\/www.lafermedestroisgeais.fr\/#organization"},"potentialAction":[{"@type":"SearchAction","target":{"@type":"EntryPoint","urlTemplate":"https:\/\/www.lafermedestroisgeais.fr\/?s={search_term_string}"},"query-input":"required name=search_term_string"}],"inLanguage":"fr-FR"},{"@type":"Organization","@id":"https:\/\/www.lafermedestroisgeais.fr\/#organization","name":"La Ferme des Trois Geais","url":"https:\/\/www.lafermedestroisgeais.fr\/","logo":{"@type":"ImageObject","inLanguage":"fr-FR","@id":"https:\/\/www.lafermedestroisgeais.fr\/#\/schema\/logo\/image\/","url":"https:\/\/www.lafermedestroisgeais.fr\/wp-content\/uploads\/logo-01.jpg","contentUrl":"https:\/\/www.lafermedestroisgeais.fr\/wp-content\/uploads\/logo-01.jpg","width":1064,"height":618,"caption":"La Ferme des Trois Geais"},"image":{"@id":"https:\/\/www.lafermedestroisgeais.fr\/#\/schema\/logo\/image\/"},"sameAs":["https:\/\/www.facebook.com\/LaFermeDesTroisGeais\/"]}]}},"_links":{"self":[{"href":"https:\/\/www.lafermedestroisgeais.fr\/index.php\/wp-json\/wp\/v2\/pages\/223"}],"collection":[{"href":"https:\/\/www.lafermedestroisgeais.fr\/index.php\/wp-json\/wp\/v2\/pages"}],"about":[{"href":"https:\/\/www.lafermedestroisgeais.fr\/index.php\/wp-json\/wp\/v2\/types\/page"}],"author":[{"embeddable":true,"href":"https:\/\/www.lafermedestroisgeais.fr\/index.php\/wp-json\/wp\/v2\/users\/1"}],"replies":[{"embeddable":true,"href":"https:\/\/www.lafermedestroisgeais.fr\/index.php\/wp-json\/wp\/v2\/comments?post=223"}],"version-history":[{"count":66,"href":"https:\/\/www.lafermedestroisgeais.fr\/index.php\/wp-json\/wp\/v2\/pages\/223\/revisions"}],"predecessor-version":[{"id":794,"href":"https:\/\/www.lafermedestroisgeais.fr\/index.php\/wp-json\/wp\/v2\/pages\/223\/revisions\/794"}],"wp:attachment":[{"href":"https:\/\/www.lafermedestroisgeais.fr\/index.php\/wp-json\/wp\/v2\/media?parent=223"}],"curies":[{"name":"wp","href":"https:\/\/api.w.org\/{rel}","templated":true}]}}